{"id":5362,"date":"2025-10-15T15:01:35","date_gmt":"2025-10-15T13:01:35","guid":{"rendered":"https:\/\/www.meyer-sports.com\/?post_type=product&#038;p=5362"},"modified":"2026-03-31T15:53:13","modified_gmt":"2026-03-31T13:53:13","slug":"xenith-shadow-football-helm-copy","status":"publish","type":"product","link":"https:\/\/www.meyer-sports.com\/de\/produkt\/xenith-shadow-football-helm-copy\/","title":{"rendered":"XENITH ShadowJugendhelm"},"content":{"rendered":"<ul>\n<li>Die branchenweit erste innovative Polymerschale erh\u00f6ht die Energieabsorption und Haltbarkeit<\/li>\n<li>Patentierte Shock Matrix bewegt sich unabh\u00e4ngig von der Schale<\/li>\n<li>Verbesserte Sto\u00dfd\u00e4mpferanordnung und abgestimmte Sto\u00dfd\u00e4mpfer bieten gr\u00f6\u00dferen Schutz vor St\u00f6\u00dfen auf dem Feld<\/li>\n<li>Adaptive Fit-Technologie: Festziehen der Kinnriemen erm\u00f6glicht individuelle, dauerhafte Passform<\/li>\n<li>Verbesserte Bel\u00fcftung sorgt f\u00fcr mehr Atmungsaktivit\u00e4t und Luftstrom<\/li>\n<li>Alle derzeitigen Xenith-Facemasks passen auf den SHADOW, au\u00dfer Pride, Portal und XLN22<\/li>\n<li>Gr\u00f6\u00dfe M wird mit einem anpassungsf\u00e4higen Kinnpolster geliefert, Gr\u00f6\u00dfe L mit einem Kinnpolster in traditioneller Passform.<\/li>\n<\/ul>\n","protected":false},"excerpt":{"rendered":"<p>Die branchenweit erste innovative Polymerschale erh\u00f6ht die Energieabsorption und Haltbarkeit Patentierte Shock Matrix bewegt sich unabh\u00e4ngig von der Schale Verbesserte Sto\u00dfd\u00e4mpferanordnung und abgestimmte Sto\u00dfd\u00e4mpfer bieten gr\u00f6\u00dferen Schutz vor St\u00f6\u00dfen auf dem Feld Adaptive Fit-Technologie: Festziehen der Kinnriemen erm\u00f6glicht individuelle, dauerhafte Passform Verbesserte Bel\u00fcftung sorgt f\u00fcr mehr Atmungsaktivit\u00e4t und Luftstrom Alle derzeitigen Xenith-Facemasks passen auf den [&hellip;]<\/p>\n","protected":false},"featured_media":2736,"comment_status":"open","ping_status":"closed","template":"","meta":{"_acf_changed":false},"product_brand":[394],"product_cat":[271,323],"product_tag":[],"class_list":{"0":"post-5362","1":"product","2":"type-product","3":"status-publish","4":"has-post-thumbnail","6":"product_brand-xenith","7":"product_cat-helme","8":"product_cat-verkauf-de-2","10":"first","11":"instock","12":"taxable","13":"shipping-taxable","14":"purchasable","15":"product-type-variable"},"acf":[],"yoast_head":"<!-- This site is optimized with the Yoast SEO plugin v27.1.1 - https:\/\/yoast.com\/product\/yoast-seo-wordpress\/ -->\n<title>XENITH ShadowJugendhelm - Meyer Sports<\/title>\n<meta name=\"robots\" content=\"index, follow, max-snippet:-1, max-image-preview:large, max-video-preview:-1\" \/>\n<link rel=\"canonical\" href=\"https:\/\/www.meyer-sports.com\/de\/produkt\/xenith-shadow-football-helm-copy\/\" \/>\n<meta property=\"og:locale\" content=\"de_DE\" \/>\n<meta property=\"og:type\" content=\"article\" \/>\n<meta property=\"og:title\" content=\"XENITH ShadowJugendhelm - Meyer Sports\" \/>\n<meta property=\"og:description\" content=\"Die branchenweit erste innovative Polymerschale erh\u00f6ht die Energieabsorption und Haltbarkeit Patentierte Shock Matrix bewegt sich unabh\u00e4ngig von der Schale Verbesserte Sto\u00dfd\u00e4mpferanordnung und abgestimmte Sto\u00dfd\u00e4mpfer bieten gr\u00f6\u00dferen Schutz vor St\u00f6\u00dfen auf dem Feld Adaptive Fit-Technologie: Festziehen der Kinnriemen erm\u00f6glicht individuelle, dauerhafte Passform Verbesserte Bel\u00fcftung sorgt f\u00fcr mehr Atmungsaktivit\u00e4t und Luftstrom Alle derzeitigen Xenith-Facemasks passen auf den [&hellip;]\" \/>\n<meta property=\"og:url\" content=\"https:\/\/www.meyer-sports.com\/de\/produkt\/xenith-shadow-football-helm-copy\/\" \/>\n<meta property=\"og:site_name\" content=\"Meyer Sports\" \/>\n<meta property=\"article:publisher\" content=\"https:\/\/www.facebook.com\/profile.php?id=100083396525976\" \/>\n<meta property=\"article:modified_time\" content=\"2026-03-31T13:53:13+00:00\" \/>\n<meta property=\"og:image\" content=\"https:\/\/www.meyer-sports.com\/wp-content\/uploads\/2025\/05\/Shadow_3Qfront_Mblack.jpg\" \/>\n\t<meta property=\"og:image:width\" content=\"1800\" \/>\n\t<meta property=\"og:image:height\" content=\"1807\" \/>\n\t<meta property=\"og:image:type\" content=\"image\/jpeg\" \/>\n<meta name=\"twitter:card\" content=\"summary_large_image\" \/>\n<script type=\"application\/ld+json\" class=\"yoast-schema-graph\">{\"@context\":\"https:\/\/schema.org\",\"@graph\":[{\"@type\":\"WebPage\",\"@id\":\"https:\/\/www.meyer-sports.com\/de\/produkt\/xenith-shadow-football-helm-copy\/\",\"url\":\"https:\/\/www.meyer-sports.com\/de\/produkt\/xenith-shadow-football-helm-copy\/\",\"name\":\"XENITH ShadowJugendhelm - Meyer Sports\",\"isPartOf\":{\"@id\":\"https:\/\/www.meyer-sports.com\/de\/#website\"},\"primaryImageOfPage\":{\"@id\":\"https:\/\/www.meyer-sports.com\/de\/produkt\/xenith-shadow-football-helm-copy\/#primaryimage\"},\"image\":{\"@id\":\"https:\/\/www.meyer-sports.com\/de\/produkt\/xenith-shadow-football-helm-copy\/#primaryimage\"},\"thumbnailUrl\":\"https:\/\/www.meyer-sports.com\/wp-content\/uploads\/2025\/05\/Shadow_3Qfront_Mblack.jpg\",\"datePublished\":\"2025-10-15T13:01:35+00:00\",\"dateModified\":\"2026-03-31T13:53:13+00:00\",\"breadcrumb\":{\"@id\":\"https:\/\/www.meyer-sports.com\/de\/produkt\/xenith-shadow-football-helm-copy\/#breadcrumb\"},\"inLanguage\":\"de\",\"potentialAction\":[{\"@type\":\"ReadAction\",\"target\":[\"https:\/\/www.meyer-sports.com\/de\/produkt\/xenith-shadow-football-helm-copy\/\"]}]},{\"@type\":\"ImageObject\",\"inLanguage\":\"de\",\"@id\":\"https:\/\/www.meyer-sports.com\/de\/produkt\/xenith-shadow-football-helm-copy\/#primaryimage\",\"url\":\"https:\/\/www.meyer-sports.com\/wp-content\/uploads\/2025\/05\/Shadow_3Qfront_Mblack.jpg\",\"contentUrl\":\"https:\/\/www.meyer-sports.com\/wp-content\/uploads\/2025\/05\/Shadow_3Qfront_Mblack.jpg\",\"width\":1800,\"height\":1807},{\"@type\":\"BreadcrumbList\",\"@id\":\"https:\/\/www.meyer-sports.com\/de\/produkt\/xenith-shadow-football-helm-copy\/#breadcrumb\",\"itemListElement\":[{\"@type\":\"ListItem\",\"position\":1,\"name\":\"Home\",\"item\":\"https:\/\/www.meyer-sports.com\/de\/\"},{\"@type\":\"ListItem\",\"position\":2,\"name\":\"Shop\",\"item\":\"https:\/\/www.meyer-sports.com\/de\/shop\/\"},{\"@type\":\"ListItem\",\"position\":3,\"name\":\"XENITH ShadowJugendhelm\"}]},{\"@type\":\"WebSite\",\"@id\":\"https:\/\/www.meyer-sports.com\/de\/#website\",\"url\":\"https:\/\/www.meyer-sports.com\/de\/\",\"name\":\"Meyer Sports\",\"description\":\"American Football Equipment \u2013 Helmets, Shoulder Pads &amp; Gear\",\"publisher\":{\"@id\":\"https:\/\/www.meyer-sports.com\/de\/#organization\"},\"alternateName\":\"Meyer Marketing\",\"potentialAction\":[{\"@type\":\"SearchAction\",\"target\":{\"@type\":\"EntryPoint\",\"urlTemplate\":\"https:\/\/www.meyer-sports.com\/de\/?s={search_term_string}\"},\"query-input\":{\"@type\":\"PropertyValueSpecification\",\"valueRequired\":true,\"valueName\":\"search_term_string\"}}],\"inLanguage\":\"de\"},{\"@type\":\"Organization\",\"@id\":\"https:\/\/www.meyer-sports.com\/de\/#organization\",\"name\":\"Meyer Sports\",\"url\":\"https:\/\/www.meyer-sports.com\/de\/\",\"logo\":{\"@type\":\"ImageObject\",\"inLanguage\":\"de\",\"@id\":\"https:\/\/www.meyer-sports.com\/de\/#\/schema\/logo\/image\/\",\"url\":\"https:\/\/www.meyer-sports.com\/wp-content\/uploads\/2025\/08\/cropped-MeyerSports-Wort-Bild-Marke-RGB-Black-Horizontal-2000px.png\",\"contentUrl\":\"https:\/\/www.meyer-sports.com\/wp-content\/uploads\/2025\/08\/cropped-MeyerSports-Wort-Bild-Marke-RGB-Black-Horizontal-2000px.png\",\"width\":1999,\"height\":263,\"caption\":\"Meyer Sports\"},\"image\":{\"@id\":\"https:\/\/www.meyer-sports.com\/de\/#\/schema\/logo\/image\/\"},\"sameAs\":[\"https:\/\/www.facebook.com\/profile.php?id=100083396525976\"]}]}<\/script>\n<!-- \/ Yoast SEO plugin. -->","yoast_head_json":{"title":"XENITH ShadowJugendhelm - Meyer Sports","robots":{"index":"index","follow":"follow","max-snippet":"max-snippet:-1","max-image-preview":"max-image-preview:large","max-video-preview":"max-video-preview:-1"},"canonical":"https:\/\/www.meyer-sports.com\/de\/produkt\/xenith-shadow-football-helm-copy\/","og_locale":"de_DE","og_type":"article","og_title":"XENITH ShadowJugendhelm - Meyer Sports","og_description":"Die branchenweit erste innovative Polymerschale erh\u00f6ht die Energieabsorption und Haltbarkeit Patentierte Shock Matrix bewegt sich unabh\u00e4ngig von der Schale Verbesserte Sto\u00dfd\u00e4mpferanordnung und abgestimmte Sto\u00dfd\u00e4mpfer bieten gr\u00f6\u00dferen Schutz vor St\u00f6\u00dfen auf dem Feld Adaptive Fit-Technologie: Festziehen der Kinnriemen erm\u00f6glicht individuelle, dauerhafte Passform Verbesserte Bel\u00fcftung sorgt f\u00fcr mehr Atmungsaktivit\u00e4t und Luftstrom Alle derzeitigen Xenith-Facemasks passen auf den [&hellip;]","og_url":"https:\/\/www.meyer-sports.com\/de\/produkt\/xenith-shadow-football-helm-copy\/","og_site_name":"Meyer Sports","article_publisher":"https:\/\/www.facebook.com\/profile.php?id=100083396525976","article_modified_time":"2026-03-31T13:53:13+00:00","og_image":[{"width":1800,"height":1807,"url":"https:\/\/www.meyer-sports.com\/wp-content\/uploads\/2025\/05\/Shadow_3Qfront_Mblack.jpg","type":"image\/jpeg"}],"twitter_card":"summary_large_image","schema":{"@context":"https:\/\/schema.org","@graph":[{"@type":"WebPage","@id":"https:\/\/www.meyer-sports.com\/de\/produkt\/xenith-shadow-football-helm-copy\/","url":"https:\/\/www.meyer-sports.com\/de\/produkt\/xenith-shadow-football-helm-copy\/","name":"XENITH ShadowJugendhelm - Meyer Sports","isPartOf":{"@id":"https:\/\/www.meyer-sports.com\/de\/#website"},"primaryImageOfPage":{"@id":"https:\/\/www.meyer-sports.com\/de\/produkt\/xenith-shadow-football-helm-copy\/#primaryimage"},"image":{"@id":"https:\/\/www.meyer-sports.com\/de\/produkt\/xenith-shadow-football-helm-copy\/#primaryimage"},"thumbnailUrl":"https:\/\/www.meyer-sports.com\/wp-content\/uploads\/2025\/05\/Shadow_3Qfront_Mblack.jpg","datePublished":"2025-10-15T13:01:35+00:00","dateModified":"2026-03-31T13:53:13+00:00","breadcrumb":{"@id":"https:\/\/www.meyer-sports.com\/de\/produkt\/xenith-shadow-football-helm-copy\/#breadcrumb"},"inLanguage":"de","potentialAction":[{"@type":"ReadAction","target":["https:\/\/www.meyer-sports.com\/de\/produkt\/xenith-shadow-football-helm-copy\/"]}]},{"@type":"ImageObject","inLanguage":"de","@id":"https:\/\/www.meyer-sports.com\/de\/produkt\/xenith-shadow-football-helm-copy\/#primaryimage","url":"https:\/\/www.meyer-sports.com\/wp-content\/uploads\/2025\/05\/Shadow_3Qfront_Mblack.jpg","contentUrl":"https:\/\/www.meyer-sports.com\/wp-content\/uploads\/2025\/05\/Shadow_3Qfront_Mblack.jpg","width":1800,"height":1807},{"@type":"BreadcrumbList","@id":"https:\/\/www.meyer-sports.com\/de\/produkt\/xenith-shadow-football-helm-copy\/#breadcrumb","itemListElement":[{"@type":"ListItem","position":1,"name":"Home","item":"https:\/\/www.meyer-sports.com\/de\/"},{"@type":"ListItem","position":2,"name":"Shop","item":"https:\/\/www.meyer-sports.com\/de\/shop\/"},{"@type":"ListItem","position":3,"name":"XENITH ShadowJugendhelm"}]},{"@type":"WebSite","@id":"https:\/\/www.meyer-sports.com\/de\/#website","url":"https:\/\/www.meyer-sports.com\/de\/","name":"Meyer Sports","description":"American Football Equipment \u2013 Helmets, Shoulder Pads &amp; Gear","publisher":{"@id":"https:\/\/www.meyer-sports.com\/de\/#organization"},"alternateName":"Meyer Marketing","potentialAction":[{"@type":"SearchAction","target":{"@type":"EntryPoint","urlTemplate":"https:\/\/www.meyer-sports.com\/de\/?s={search_term_string}"},"query-input":{"@type":"PropertyValueSpecification","valueRequired":true,"valueName":"search_term_string"}}],"inLanguage":"de"},{"@type":"Organization","@id":"https:\/\/www.meyer-sports.com\/de\/#organization","name":"Meyer Sports","url":"https:\/\/www.meyer-sports.com\/de\/","logo":{"@type":"ImageObject","inLanguage":"de","@id":"https:\/\/www.meyer-sports.com\/de\/#\/schema\/logo\/image\/","url":"https:\/\/www.meyer-sports.com\/wp-content\/uploads\/2025\/08\/cropped-MeyerSports-Wort-Bild-Marke-RGB-Black-Horizontal-2000px.png","contentUrl":"https:\/\/www.meyer-sports.com\/wp-content\/uploads\/2025\/08\/cropped-MeyerSports-Wort-Bild-Marke-RGB-Black-Horizontal-2000px.png","width":1999,"height":263,"caption":"Meyer Sports"},"image":{"@id":"https:\/\/www.meyer-sports.com\/de\/#\/schema\/logo\/image\/"},"sameAs":["https:\/\/www.facebook.com\/profile.php?id=100083396525976"]}]}},"_links":{"self":[{"href":"https:\/\/www.meyer-sports.com\/de\/wp-json\/wp\/v2\/product\/5362","targetHints":{"allow":["GET"]}}],"collection":[{"href":"https:\/\/www.meyer-sports.com\/de\/wp-json\/wp\/v2\/product"}],"about":[{"href":"https:\/\/www.meyer-sports.com\/de\/wp-json\/wp\/v2\/types\/product"}],"replies":[{"embeddable":true,"href":"https:\/\/www.meyer-sports.com\/de\/wp-json\/wp\/v2\/comments?post=5362"}],"wp:featuredmedia":[{"embeddable":true,"href":"https:\/\/www.meyer-sports.com\/de\/wp-json\/wp\/v2\/media\/2736"}],"wp:attachment":[{"href":"https:\/\/www.meyer-sports.com\/de\/wp-json\/wp\/v2\/media?parent=5362"}],"wp:term":[{"taxonomy":"product_brand","embeddable":true,"href":"https:\/\/www.meyer-sports.com\/de\/wp-json\/wp\/v2\/product_brand?post=5362"},{"taxonomy":"product_cat","embeddable":true,"href":"https:\/\/www.meyer-sports.com\/de\/wp-json\/wp\/v2\/product_cat?post=5362"},{"taxonomy":"product_tag","embeddable":true,"href":"https:\/\/www.meyer-sports.com\/de\/wp-json\/wp\/v2\/product_tag?post=5362"}],"curies":[{"name":"wp","href":"https:\/\/api.w.org\/{rel}","templated":true}]}}